{"id":2,"date":"2020-07-09T01:40:43","date_gmt":"2020-07-09T01:40:43","guid":{"rendered":"http:\/\/confatnet.com\/?page_id=2"},"modified":"2021-01-25T11:16:34","modified_gmt":"2021-01-25T09:16:34","slug":"novosti","status":"publish","type":"page","link":"https:\/\/citus.hr\/hr\/novosti\/","title":{"rendered":"Novosti"},"content":{"rendered":"<div class=\"wpb-content-wrapper\"><section class=\"vc_row wpb_row vc_row-fluid  vc_custom_1610469555069\"><div class=\"wpb_column vc_column_container vc_col-sm-12  col-xs-mobile-fullwidth\"><div class=\"vc_column-inner vc_custom_1594664197824\"><div class=\"wpb_wrapper\"><div class=\"pofo-blog-list\"><div class=\"post-29913 post type-post status-publish format-standard has-post-thumbnail hentry category-novosti\"><div class=\"blog-post blog-post-content margin-60px-bottom padding-60px-bottom border-bottom sm-no-border-bottom border-color-extra-light-gray sm-margin-30px-bottom sm-padding-30px-bottom xs-text-center pull-left width-100 blog-style3-1\"><div class=\"blog-image col-md-5 no-padding sm-margin-30px-bottom xs-margin-20px-bottom margin-30px-right sm-no-margin-right sm-width-100\"><a href=\"https:\/\/citus.hr\/hr\/sigurnost-u-oblaku-i-ispod-njega-nije-pitanje-hoce-li-gore-nego-kako-uci-i-ne-izgorjeti-tomislav-bronzin-u-lideru\/\"><img loading=\"lazy\" decoding=\"async\" width=\"1920\" height=\"2560\" src=\"https:\/\/citus.hr\/wp-content\/uploads\/2026\/04\/3Lider3-2026-2-scaled.jpg\" class=\"attachment-full size-full wp-post-image\" alt=\"\" title=\"\" srcset=\"https:\/\/citus.hr\/wp-content\/uploads\/2026\/04\/3Lider3-2026-2-scaled.jpg 1920w, https:\/\/citus.hr\/wp-content\/uploads\/2026\/04\/3Lider3-2026-2-225x300.jpg 225w, https:\/\/citus.hr\/wp-content\/uploads\/2026\/04\/3Lider3-2026-2-768x1024.jpg 768w, https:\/\/citus.hr\/wp-content\/uploads\/2026\/04\/3Lider3-2026-2-1152x1536.jpg 1152w, https:\/\/citus.hr\/wp-content\/uploads\/2026\/04\/3Lider3-2026-2-1536x2048.jpg 1536w, https:\/\/citus.hr\/wp-content\/uploads\/2026\/04\/3Lider3-2026-2-578x771.jpg 578w, https:\/\/citus.hr\/wp-content\/uploads\/2026\/04\/3Lider3-2026-2-120x160.jpg 120w, https:\/\/citus.hr\/wp-content\/uploads\/2026\/04\/3Lider3-2026-2-81x108.jpg 81w\" sizes=\"auto, (max-width: 1920px) 100vw, 1920px\" \/><\/a><\/div><div class=\"blog-text col-md-6 display-table no-padding sm-width-100\"><div class=\"display-table-cell vertical-align-middle\"><div class=\"content sm-no-padding-left \"><a class=\"text-extra-dark-gray margin-5px-bottom alt-font text-extra-large font-weight-600 display-inline-block entry-title\" href=\"https:\/\/citus.hr\/hr\/sigurnost-u-oblaku-i-ispod-njega-nije-pitanje-hoce-li-gore-nego-kako-uci-i-ne-izgorjeti-tomislav-bronzin-u-lideru\/\">SIGURNOST U OBLAKU I ISPOD NJEGA Nije pitanje ho\u0107e li gore, nego kako u\u0107i i ne izgorjeti \u2013 Tomislav Bronzin u Lideru<\/a><div class=\"text-medium-gray text-extra-small margin-15px-bottom alt-font text-uppercase\"><span class=\"pofo-blog-post-meta text-medium-gray text-extra-small display-inline-block vertical-align-middle\">by <span class=\"author vcard\"><a href=\"https:\/\/citus.hr\/hr\/author\/citushr\/\" class=\"text-medium-gray url fn n\">CITUS<\/a><\/span><\/span><span class=\"blog-separator vertical-align-middle\">|<\/span><span class=\"pofo-blog-post-meta text-extra-small text-medium-gray display-inline-block published vertical-align-middle\">10 travnja 2026<\/span><time class=\"updated display-none\" datetime=\"2026-04-30T13:36:05+02:00\">30 travnja 2026<\/time><span class=\"blog-separator vertical-align-middle\">|<\/span><a href=\"https:\/\/citus.hr\/hr\/kategorija\/novosti\/\" class=\"text-medium-gray text-extra-small vertical-align-middle display-inline-block pofo-blog-post-meta\" rel=\"category tag\">Novosti<\/a><\/div><div class=\"no-margin entry-content\">U najnovijem broju Lidera na temu o upravljanju rizicima u oblaku i za\u0161titi podataka govori...<\/div><a href=\"https:\/\/citus.hr\/hr\/sigurnost-u-oblaku-i-ispod-njega-nije-pitanje-hoce-li-gore-nego-kako-uci-i-ne-izgorjeti-tomislav-bronzin-u-lideru\/\" class=\"btn btn-dark-gray margin-15px-top sm-margin-15px-top white-space-normal btn-small\">nastavite \u010ditati<\/a><\/div><\/div><\/div><\/div><\/div><div class=\"post-29788 post type-post status-publish format-standard has-post-thumbnail hentry category-novosti\"><div class=\"blog-post blog-post-content margin-60px-bottom padding-60px-bottom border-bottom sm-no-border-bottom border-color-extra-light-gray sm-margin-30px-bottom sm-padding-30px-bottom xs-text-center pull-left width-100 blog-style3-2\"><div class=\"blog-image col-md-5 no-padding sm-margin-30px-bottom xs-margin-20px-bottom margin-30px-right sm-no-margin-right sm-width-100\"><a href=\"https:\/\/citus.hr\/hr\/istrazivanje-razvoj-i-inovacije\/\"><img loading=\"lazy\" decoding=\"async\" width=\"1920\" height=\"2560\" src=\"https:\/\/citus.hr\/wp-content\/uploads\/2025\/12\/HUP-Tom-1-scaled.jpg\" class=\"attachment-full size-full wp-post-image\" alt=\"\" title=\"\" srcset=\"https:\/\/citus.hr\/wp-content\/uploads\/2025\/12\/HUP-Tom-1-scaled.jpg 1920w, https:\/\/citus.hr\/wp-content\/uploads\/2025\/12\/HUP-Tom-1-225x300.jpg 225w, https:\/\/citus.hr\/wp-content\/uploads\/2025\/12\/HUP-Tom-1-768x1024.jpg 768w, https:\/\/citus.hr\/wp-content\/uploads\/2025\/12\/HUP-Tom-1-1152x1536.jpg 1152w, https:\/\/citus.hr\/wp-content\/uploads\/2025\/12\/HUP-Tom-1-1536x2048.jpg 1536w, https:\/\/citus.hr\/wp-content\/uploads\/2025\/12\/HUP-Tom-1-578x771.jpg 578w, https:\/\/citus.hr\/wp-content\/uploads\/2025\/12\/HUP-Tom-1-120x160.jpg 120w, https:\/\/citus.hr\/wp-content\/uploads\/2025\/12\/HUP-Tom-1-81x108.jpg 81w\" sizes=\"auto, (max-width: 1920px) 100vw, 1920px\" \/><\/a><\/div><div class=\"blog-text col-md-6 display-table no-padding sm-width-100\"><div class=\"display-table-cell vertical-align-middle\"><div class=\"content sm-no-padding-left \"><a class=\"text-extra-dark-gray margin-5px-bottom alt-font text-extra-large font-weight-600 display-inline-block entry-title\" href=\"https:\/\/citus.hr\/hr\/istrazivanje-razvoj-i-inovacije\/\">Istra\u017eivanje, razvoj i inovacije<\/a><div class=\"text-medium-gray text-extra-small margin-15px-bottom alt-font text-uppercase\"><span class=\"pofo-blog-post-meta text-medium-gray text-extra-small display-inline-block vertical-align-middle\">by <span class=\"author vcard\"><a href=\"https:\/\/citus.hr\/hr\/author\/citushr\/\" class=\"text-medium-gray url fn n\">CITUS<\/a><\/span><\/span><span class=\"blog-separator vertical-align-middle\">|<\/span><span class=\"pofo-blog-post-meta text-extra-small text-medium-gray display-inline-block published vertical-align-middle\">24 studenoga 2025<\/span><time class=\"updated display-none\" datetime=\"2025-12-01T17:30:54+02:00\">01 prosinca 2025<\/time><span class=\"blog-separator vertical-align-middle\">|<\/span><a href=\"https:\/\/citus.hr\/hr\/kategorija\/novosti\/\" class=\"text-medium-gray text-extra-small vertical-align-middle display-inline-block pofo-blog-post-meta\" rel=\"category tag\">Novosti<\/a><\/div><div class=\"no-margin entry-content\">Na panelu Istra\u017eivanje, razvoj i inovacije, koji je odr\u017ean na konferenciji Pogled u budu\u0107nost: EU...<\/div><a href=\"https:\/\/citus.hr\/hr\/istrazivanje-razvoj-i-inovacije\/\" class=\"btn btn-dark-gray margin-15px-top sm-margin-15px-top white-space-normal btn-small\">nastavite \u010ditati<\/a><\/div><\/div><\/div><\/div><\/div><div class=\"post-29708 post type-post status-publish format-standard has-post-thumbnail hentry category-novosti\"><div class=\"blog-post blog-post-content margin-60px-bottom padding-60px-bottom border-bottom sm-no-border-bottom border-color-extra-light-gray sm-margin-30px-bottom sm-padding-30px-bottom xs-text-center pull-left width-100 blog-style3-3\"><div class=\"blog-image col-md-5 no-padding sm-margin-30px-bottom xs-margin-20px-bottom margin-30px-right sm-no-margin-right sm-width-100\"><a href=\"https:\/\/citus.hr\/hr\/tomislav-bronzin-microsoft-regional-director-3\/\"><img loading=\"lazy\" decoding=\"async\" width=\"588\" height=\"303\" src=\"https:\/\/citus.hr\/wp-content\/uploads\/2025\/07\/Romislav-Regional-Director-2025-2026.jpg\" class=\"attachment-full size-full wp-post-image\" alt=\"Tomislav Bronzin Microsoft Regional Director\" title=\"\" srcset=\"https:\/\/citus.hr\/wp-content\/uploads\/2025\/07\/Romislav-Regional-Director-2025-2026.jpg 588w, https:\/\/citus.hr\/wp-content\/uploads\/2025\/07\/Romislav-Regional-Director-2025-2026-300x155.jpg 300w, https:\/\/citus.hr\/wp-content\/uploads\/2025\/07\/Romislav-Regional-Director-2025-2026-120x62.jpg 120w, https:\/\/citus.hr\/wp-content\/uploads\/2025\/07\/Romislav-Regional-Director-2025-2026-81x42.jpg 81w\" sizes=\"auto, (max-width: 588px) 100vw, 588px\" \/><\/a><\/div><div class=\"blog-text col-md-6 display-table no-padding sm-width-100\"><div class=\"display-table-cell vertical-align-middle\"><div class=\"content sm-no-padding-left \"><a class=\"text-extra-dark-gray margin-5px-bottom alt-font text-extra-large font-weight-600 display-inline-block entry-title\" href=\"https:\/\/citus.hr\/hr\/tomislav-bronzin-microsoft-regional-director-3\/\">Tomislav Bronzin MICROSOFT REGIONAL DIRECTOR<\/a><div class=\"text-medium-gray text-extra-small margin-15px-bottom alt-font text-uppercase\"><span class=\"pofo-blog-post-meta text-medium-gray text-extra-small display-inline-block vertical-align-middle\">by <span class=\"author vcard\"><a href=\"https:\/\/citus.hr\/hr\/author\/citushr\/\" class=\"text-medium-gray url fn n\">CITUS<\/a><\/span><\/span><span class=\"blog-separator vertical-align-middle\">|<\/span><span class=\"pofo-blog-post-meta text-extra-small text-medium-gray display-inline-block published vertical-align-middle\">11 srpnja 2025<\/span><time class=\"updated display-none\" datetime=\"2025-07-18T14:14:28+02:00\">18 srpnja 2025<\/time><span class=\"blog-separator vertical-align-middle\">|<\/span><a href=\"https:\/\/citus.hr\/hr\/kategorija\/novosti\/\" class=\"text-medium-gray text-extra-small vertical-align-middle display-inline-block pofo-blog-post-meta\" rel=\"category tag\">Novosti<\/a><\/div><div class=\"no-margin entry-content\">&#13; Tomislav Bronzin osniva\u010d i direktor CITUS-a, inovator, vizionar, mentor, vi\u0161i predava\u010d, pouzdan savjetnik, lider,...<\/div><a href=\"https:\/\/citus.hr\/hr\/tomislav-bronzin-microsoft-regional-director-3\/\" class=\"btn btn-dark-gray margin-15px-top sm-margin-15px-top white-space-normal btn-small\">nastavite \u010ditati<\/a><\/div><\/div><\/div><\/div><\/div><div class=\"post-29426 post type-post status-publish format-standard has-post-thumbnail hentry category-novosti\"><div class=\"blog-post blog-post-content margin-60px-bottom padding-60px-bottom border-bottom sm-no-border-bottom border-color-extra-light-gray sm-margin-30px-bottom sm-padding-30px-bottom xs-text-center pull-left width-100 blog-style3-4\"><div class=\"blog-image col-md-5 no-padding sm-margin-30px-bottom xs-margin-20px-bottom margin-30px-right sm-no-margin-right sm-width-100\"><a href=\"https:\/\/citus.hr\/hr\/50-godisnjica-microsofta-razgovor-sa-tomislavom-bronzinom\/\"><img loading=\"lazy\" decoding=\"async\" width=\"1920\" height=\"2560\" src=\"https:\/\/citus.hr\/wp-content\/uploads\/2025\/05\/Tomislav-50-godina-Microsoft-scaled.jpg\" class=\"attachment-full size-full wp-post-image\" alt=\"50-godi\u0161njica Microsofta - Razgovor sa Tomislavom Bronzinom\" title=\"\" srcset=\"https:\/\/citus.hr\/wp-content\/uploads\/2025\/05\/Tomislav-50-godina-Microsoft-scaled.jpg 1920w, https:\/\/citus.hr\/wp-content\/uploads\/2025\/05\/Tomislav-50-godina-Microsoft-225x300.jpg 225w, https:\/\/citus.hr\/wp-content\/uploads\/2025\/05\/Tomislav-50-godina-Microsoft-768x1024.jpg 768w, https:\/\/citus.hr\/wp-content\/uploads\/2025\/05\/Tomislav-50-godina-Microsoft-1152x1536.jpg 1152w, https:\/\/citus.hr\/wp-content\/uploads\/2025\/05\/Tomislav-50-godina-Microsoft-1536x2048.jpg 1536w, https:\/\/citus.hr\/wp-content\/uploads\/2025\/05\/Tomislav-50-godina-Microsoft-578x771.jpg 578w, https:\/\/citus.hr\/wp-content\/uploads\/2025\/05\/Tomislav-50-godina-Microsoft-120x160.jpg 120w, https:\/\/citus.hr\/wp-content\/uploads\/2025\/05\/Tomislav-50-godina-Microsoft-81x108.jpg 81w\" sizes=\"auto, (max-width: 1920px) 100vw, 1920px\" \/><\/a><\/div><div class=\"blog-text col-md-6 display-table no-padding sm-width-100\"><div class=\"display-table-cell vertical-align-middle\"><div class=\"content sm-no-padding-left \"><a class=\"text-extra-dark-gray margin-5px-bottom alt-font text-extra-large font-weight-600 display-inline-block entry-title\" href=\"https:\/\/citus.hr\/hr\/50-godisnjica-microsofta-razgovor-sa-tomislavom-bronzinom\/\">50-godi\u0161njica Microsofta &#8211; Razgovor sa Tomislavom Bronzinom<\/a><div class=\"text-medium-gray text-extra-small margin-15px-bottom alt-font text-uppercase\"><span class=\"pofo-blog-post-meta text-medium-gray text-extra-small display-inline-block vertical-align-middle\">by <span class=\"author vcard\"><a href=\"https:\/\/citus.hr\/hr\/author\/citushr\/\" class=\"text-medium-gray url fn n\">CITUS<\/a><\/span><\/span><span class=\"blog-separator vertical-align-middle\">|<\/span><span class=\"pofo-blog-post-meta text-extra-small text-medium-gray display-inline-block published vertical-align-middle\">14 travnja 2025<\/span><time class=\"updated display-none\" datetime=\"2025-05-29T10:09:37+02:00\">29 svibnja 2025<\/time><span class=\"blog-separator vertical-align-middle\">|<\/span><a href=\"https:\/\/citus.hr\/hr\/kategorija\/novosti\/\" class=\"text-medium-gray text-extra-small vertical-align-middle display-inline-block pofo-blog-post-meta\" rel=\"category tag\">Novosti<\/a><\/div><div class=\"no-margin entry-content\">Tomislav Bronzin (CEO CITUS, inovator, vizionar, MVP, Microsoft Regional Director, autor aplikacije TipkaWin), povodom 50...<\/div><a href=\"https:\/\/citus.hr\/hr\/50-godisnjica-microsofta-razgovor-sa-tomislavom-bronzinom\/\" class=\"btn btn-dark-gray margin-15px-top sm-margin-15px-top white-space-normal btn-small\">nastavite \u010ditati<\/a><\/div><\/div><\/div><\/div><\/div><div class=\"post-29451 post type-post status-publish format-standard has-post-thumbnail hentry category-novosti\"><div class=\"blog-post blog-post-content margin-60px-bottom padding-60px-bottom border-bottom sm-no-border-bottom border-color-extra-light-gray sm-margin-30px-bottom sm-padding-30px-bottom xs-text-center pull-left width-100 blog-style3-5\"><div class=\"blog-image col-md-5 no-padding sm-margin-30px-bottom xs-margin-20px-bottom margin-30px-right sm-no-margin-right sm-width-100\"><a href=\"https:\/\/citus.hr\/hr\/tomislav-bronzin-odrzao-je-predavanje-u-portugalu\/\"><img loading=\"lazy\" decoding=\"async\" width=\"628\" height=\"837\" src=\"https:\/\/citus.hr\/wp-content\/uploads\/2025\/04\/Tomislav-Portugal.png\" class=\"attachment-full size-full wp-post-image\" alt=\"\" title=\"\" srcset=\"https:\/\/citus.hr\/wp-content\/uploads\/2025\/04\/Tomislav-Portugal.png 628w, https:\/\/citus.hr\/wp-content\/uploads\/2025\/04\/Tomislav-Portugal-225x300.png 225w, https:\/\/citus.hr\/wp-content\/uploads\/2025\/04\/Tomislav-Portugal-578x771.png 578w, https:\/\/citus.hr\/wp-content\/uploads\/2025\/04\/Tomislav-Portugal-120x160.png 120w, https:\/\/citus.hr\/wp-content\/uploads\/2025\/04\/Tomislav-Portugal-81x108.png 81w\" sizes=\"auto, (max-width: 628px) 100vw, 628px\" \/><\/a><\/div><div class=\"blog-text col-md-6 display-table no-padding sm-width-100\"><div class=\"display-table-cell vertical-align-middle\"><div class=\"content sm-no-padding-left \"><a class=\"text-extra-dark-gray margin-5px-bottom alt-font text-extra-large font-weight-600 display-inline-block entry-title\" href=\"https:\/\/citus.hr\/hr\/tomislav-bronzin-odrzao-je-predavanje-u-portugalu\/\">Tomislav Bronzin odr\u017eao je predavanje u Portugalu<\/a><div class=\"text-medium-gray text-extra-small margin-15px-bottom alt-font text-uppercase\"><span class=\"pofo-blog-post-meta text-medium-gray text-extra-small display-inline-block vertical-align-middle\">by <span class=\"author vcard\"><a href=\"https:\/\/citus.hr\/hr\/author\/citushr\/\" class=\"text-medium-gray url fn n\">CITUS<\/a><\/span><\/span><span class=\"blog-separator vertical-align-middle\">|<\/span><span class=\"pofo-blog-post-meta text-extra-small text-medium-gray display-inline-block published vertical-align-middle\">16 prosinca 2024<\/span><time class=\"updated display-none\" datetime=\"2025-06-05T11:11:17+02:00\">05 lipnja 2025<\/time><span class=\"blog-separator vertical-align-middle\">|<\/span><a href=\"https:\/\/citus.hr\/hr\/kategorija\/novosti\/\" class=\"text-medium-gray text-extra-small vertical-align-middle display-inline-block pofo-blog-post-meta\" rel=\"category tag\">Novosti<\/a><\/div><div class=\"no-margin entry-content\">Tomislav Bronzin bio je gost posebnog izdanja #CtrlAltXmas konferencije IT Pro Portugala na ISEG\u2014Lisbon School...<\/div><a href=\"https:\/\/citus.hr\/hr\/tomislav-bronzin-odrzao-je-predavanje-u-portugalu\/\" class=\"btn btn-dark-gray margin-15px-top sm-margin-15px-top white-space-normal btn-small\">nastavite \u010ditati<\/a><\/div><\/div><\/div><\/div><\/div><div class=\"post-29460 post type-post status-publish format-standard has-post-thumbnail hentry category-nagrade\"><div class=\"blog-post blog-post-content margin-60px-bottom padding-60px-bottom border-bottom sm-no-border-bottom border-color-extra-light-gray sm-margin-30px-bottom sm-padding-30px-bottom xs-text-center pull-left width-100 blog-style3-6\"><div class=\"blog-image col-md-5 no-padding sm-margin-30px-bottom xs-margin-20px-bottom margin-30px-right sm-no-margin-right sm-width-100\"><a href=\"https:\/\/citus.hr\/hr\/hup-dan-poduzetnika-2024-tomislav-bronzin-govori-za-nova-tv-i-htv\/\"><img loading=\"lazy\" decoding=\"async\" width=\"492\" height=\"637\" src=\"https:\/\/citus.hr\/wp-content\/uploads\/2025\/05\/HUP-Dan-poduzetnika-2.png\" class=\"attachment-full size-full wp-post-image\" alt=\"\" title=\"\" srcset=\"https:\/\/citus.hr\/wp-content\/uploads\/2025\/05\/HUP-Dan-poduzetnika-2.png 492w, https:\/\/citus.hr\/wp-content\/uploads\/2025\/05\/HUP-Dan-poduzetnika-2-232x300.png 232w, https:\/\/citus.hr\/wp-content\/uploads\/2025\/05\/HUP-Dan-poduzetnika-2-120x155.png 120w, https:\/\/citus.hr\/wp-content\/uploads\/2025\/05\/HUP-Dan-poduzetnika-2-81x105.png 81w\" sizes=\"auto, (max-width: 492px) 100vw, 492px\" \/><\/a><\/div><div class=\"blog-text col-md-6 display-table no-padding sm-width-100\"><div class=\"display-table-cell vertical-align-middle\"><div class=\"content sm-no-padding-left \"><a class=\"text-extra-dark-gray margin-5px-bottom alt-font text-extra-large font-weight-600 display-inline-block entry-title\" href=\"https:\/\/citus.hr\/hr\/hup-dan-poduzetnika-2024-tomislav-bronzin-govori-za-nova-tv-i-htv\/\">HUP Dan poduzetnika 2024 \u2013 Tomislav Bronzin govori za NOVA TV i HTV<\/a><div class=\"text-medium-gray text-extra-small margin-15px-bottom alt-font text-uppercase\"><span class=\"pofo-blog-post-meta text-medium-gray text-extra-small display-inline-block vertical-align-middle\">by <span class=\"author vcard\"><a href=\"https:\/\/citus.hr\/hr\/author\/citushr\/\" class=\"text-medium-gray url fn n\">CITUS<\/a><\/span><\/span><span class=\"blog-separator vertical-align-middle\">|<\/span><span class=\"pofo-blog-post-meta text-extra-small text-medium-gray display-inline-block published vertical-align-middle\">25 studenoga 2024<\/span><time class=\"updated display-none\" datetime=\"2025-06-04T13:09:27+02:00\">04 lipnja 2025<\/time><span class=\"blog-separator vertical-align-middle\">|<\/span><a href=\"https:\/\/citus.hr\/hr\/kategorija\/nagrade\/\" class=\"text-medium-gray text-extra-small vertical-align-middle display-inline-block pofo-blog-post-meta\" rel=\"category tag\">Nagrade<\/a><\/div><div class=\"no-margin entry-content\">Na HUP-ovoj konferenciji Dan poduzetnika 2024 na kojoj je ove godine sudjelovalo vi\u0161e od 500...<\/div><a href=\"https:\/\/citus.hr\/hr\/hup-dan-poduzetnika-2024-tomislav-bronzin-govori-za-nova-tv-i-htv\/\" class=\"btn btn-dark-gray margin-15px-top sm-margin-15px-top white-space-normal btn-small\">nastavite \u010ditati<\/a><\/div><\/div><\/div><\/div><\/div><div class=\"post-29468 post type-post status-publish format-standard has-post-thumbnail hentry category-novosti\"><div class=\"blog-post blog-post-content margin-60px-bottom padding-60px-bottom border-bottom sm-no-border-bottom border-color-extra-light-gray sm-margin-30px-bottom sm-padding-30px-bottom xs-text-center pull-left width-100 blog-style3-7\"><div class=\"blog-image col-md-5 no-padding sm-margin-30px-bottom xs-margin-20px-bottom margin-30px-right sm-no-margin-right sm-width-100\"><a href=\"https:\/\/citus.hr\/hr\/odrzana-sjednica-udruzenja-za-informacijske-tehnologije-hgk-tomislav-bronzin-moderator\/\"><img loading=\"lazy\" decoding=\"async\" width=\"635\" height=\"835\" src=\"https:\/\/citus.hr\/wp-content\/uploads\/2025\/05\/Tomislav-HGK.png\" class=\"attachment-full size-full wp-post-image\" alt=\"\" title=\"\" srcset=\"https:\/\/citus.hr\/wp-content\/uploads\/2025\/05\/Tomislav-HGK.png 635w, https:\/\/citus.hr\/wp-content\/uploads\/2025\/05\/Tomislav-HGK-228x300.png 228w, https:\/\/citus.hr\/wp-content\/uploads\/2025\/05\/Tomislav-HGK-586x771.png 586w, https:\/\/citus.hr\/wp-content\/uploads\/2025\/05\/Tomislav-HGK-120x158.png 120w, https:\/\/citus.hr\/wp-content\/uploads\/2025\/05\/Tomislav-HGK-81x107.png 81w\" sizes=\"auto, (max-width: 635px) 100vw, 635px\" \/><\/a><\/div><div class=\"blog-text col-md-6 display-table no-padding sm-width-100\"><div class=\"display-table-cell vertical-align-middle\"><div class=\"content sm-no-padding-left \"><a class=\"text-extra-dark-gray margin-5px-bottom alt-font text-extra-large font-weight-600 display-inline-block entry-title\" href=\"https:\/\/citus.hr\/hr\/odrzana-sjednica-udruzenja-za-informacijske-tehnologije-hgk-tomislav-bronzin-moderator\/\">Odr\u017eana sjednica Udru\u017eenja za informacijske tehnologije HGK  &#8211; Tomislav Bronzin moderator<\/a><div class=\"text-medium-gray text-extra-small margin-15px-bottom alt-font text-uppercase\"><span class=\"pofo-blog-post-meta text-medium-gray text-extra-small display-inline-block vertical-align-middle\">by <span class=\"author vcard\"><a href=\"https:\/\/citus.hr\/hr\/author\/citushr\/\" class=\"text-medium-gray url fn n\">CITUS<\/a><\/span><\/span><span class=\"blog-separator vertical-align-middle\">|<\/span><span class=\"pofo-blog-post-meta text-extra-small text-medium-gray display-inline-block published vertical-align-middle\">13 studenoga 2024<\/span><time class=\"updated display-none\" datetime=\"2025-06-05T11:13:23+02:00\">05 lipnja 2025<\/time><span class=\"blog-separator vertical-align-middle\">|<\/span><a href=\"https:\/\/citus.hr\/hr\/kategorija\/novosti\/\" class=\"text-medium-gray text-extra-small vertical-align-middle display-inline-block pofo-blog-post-meta\" rel=\"category tag\">Novosti<\/a><\/div><div class=\"no-margin entry-content\">Tomislav Bronzin CEO CITUS i potpredsjednik Udru\u017eenja za informacijske tehnologije HGK, na temu EU fondovi...<\/div><a href=\"https:\/\/citus.hr\/hr\/odrzana-sjednica-udruzenja-za-informacijske-tehnologije-hgk-tomislav-bronzin-moderator\/\" class=\"btn btn-dark-gray margin-15px-top sm-margin-15px-top white-space-normal btn-small\">nastavite \u010ditati<\/a><\/div><\/div><\/div><\/div><\/div><div class=\"post-29475 post type-post status-publish format-standard has-post-thumbnail hentry category-novosti\"><div class=\"blog-post blog-post-content margin-60px-bottom padding-60px-bottom border-bottom sm-no-border-bottom border-color-extra-light-gray sm-margin-30px-bottom sm-padding-30px-bottom xs-text-center pull-left width-100 blog-style3-8\"><div class=\"blog-image col-md-5 no-padding sm-margin-30px-bottom xs-margin-20px-bottom margin-30px-right sm-no-margin-right sm-width-100\"><a href=\"https:\/\/citus.hr\/hr\/svakoga-dana-u-svakom-pogledu-sve-vise-napredujem-najnoviji-trendovi-u-razvoju-umjetne-inteligencije-ui\/\"><img loading=\"lazy\" decoding=\"async\" width=\"1130\" height=\"746\" src=\"https:\/\/citus.hr\/wp-content\/uploads\/2025\/05\/Panel-Svakog-dana-1.png\" class=\"attachment-full size-full wp-post-image\" alt=\"\" title=\"\" srcset=\"https:\/\/citus.hr\/wp-content\/uploads\/2025\/05\/Panel-Svakog-dana-1.png 1130w, https:\/\/citus.hr\/wp-content\/uploads\/2025\/05\/Panel-Svakog-dana-1-300x198.png 300w, https:\/\/citus.hr\/wp-content\/uploads\/2025\/05\/Panel-Svakog-dana-1-1024x676.png 1024w, https:\/\/citus.hr\/wp-content\/uploads\/2025\/05\/Panel-Svakog-dana-1-768x507.png 768w, https:\/\/citus.hr\/wp-content\/uploads\/2025\/05\/Panel-Svakog-dana-1-120x79.png 120w, https:\/\/citus.hr\/wp-content\/uploads\/2025\/05\/Panel-Svakog-dana-1-81x53.png 81w\" sizes=\"auto, (max-width: 1130px) 100vw, 1130px\" \/><\/a><\/div><div class=\"blog-text col-md-6 display-table no-padding sm-width-100\"><div class=\"display-table-cell vertical-align-middle\"><div class=\"content sm-no-padding-left \"><a class=\"text-extra-dark-gray margin-5px-bottom alt-font text-extra-large font-weight-600 display-inline-block entry-title\" href=\"https:\/\/citus.hr\/hr\/svakoga-dana-u-svakom-pogledu-sve-vise-napredujem-najnoviji-trendovi-u-razvoju-umjetne-inteligencije-ui\/\">Svakoga dana, u svakom pogledu, sve vi\u0161e napredujem  Najnoviji trendovi u razvoju umjetne inteligencije (UI)<\/a><div class=\"text-medium-gray text-extra-small margin-15px-bottom alt-font text-uppercase\"><span class=\"pofo-blog-post-meta text-medium-gray text-extra-small display-inline-block vertical-align-middle\">by <span class=\"author vcard\"><a href=\"https:\/\/citus.hr\/hr\/author\/citushr\/\" class=\"text-medium-gray url fn n\">CITUS<\/a><\/span><\/span><span class=\"blog-separator vertical-align-middle\">|<\/span><span class=\"pofo-blog-post-meta text-extra-small text-medium-gray display-inline-block published vertical-align-middle\">30 listopada 2024<\/span><time class=\"updated display-none\" datetime=\"2025-06-05T14:23:18+02:00\">05 lipnja 2025<\/time><span class=\"blog-separator vertical-align-middle\">|<\/span><a href=\"https:\/\/citus.hr\/hr\/kategorija\/novosti\/\" class=\"text-medium-gray text-extra-small vertical-align-middle display-inline-block pofo-blog-post-meta\" rel=\"category tag\">Novosti<\/a><\/div><div class=\"no-margin entry-content\">Na panelu Svakoga dana, u svakom pogledu, sve vi\u0161e napredujem (Najnoviji trendovi u razvoju umjetne...<\/div><a href=\"https:\/\/citus.hr\/hr\/svakoga-dana-u-svakom-pogledu-sve-vise-napredujem-najnoviji-trendovi-u-razvoju-umjetne-inteligencije-ui\/\" class=\"btn btn-dark-gray margin-15px-top sm-margin-15px-top white-space-normal btn-small\">nastavite \u010ditati<\/a><\/div><\/div><\/div><\/div><\/div><div class=\"post-29480 post type-post status-publish format-standard has-post-thumbnail hentry category-novosti\"><div class=\"blog-post blog-post-content margin-60px-bottom padding-60px-bottom border-bottom sm-no-border-bottom border-color-extra-light-gray sm-margin-30px-bottom sm-padding-30px-bottom xs-text-center pull-left width-100 blog-style3-9\"><div class=\"blog-image col-md-5 no-padding sm-margin-30px-bottom xs-margin-20px-bottom margin-30px-right sm-no-margin-right sm-width-100\"><a href=\"https:\/\/citus.hr\/hr\/predstavljeni-rezultati-novog-nacionalnog-istrazivanja-o-percepciji-umjetne-inteligencije-ui-u-republici-hrvatskoj\/\"><img loading=\"lazy\" decoding=\"async\" width=\"1123\" height=\"721\" src=\"https:\/\/citus.hr\/wp-content\/uploads\/2025\/05\/Istrazivanje-1.png\" class=\"attachment-full size-full wp-post-image\" alt=\"\" title=\"\" srcset=\"https:\/\/citus.hr\/wp-content\/uploads\/2025\/05\/Istrazivanje-1.png 1123w, https:\/\/citus.hr\/wp-content\/uploads\/2025\/05\/Istrazivanje-1-300x193.png 300w, https:\/\/citus.hr\/wp-content\/uploads\/2025\/05\/Istrazivanje-1-1024x657.png 1024w, https:\/\/citus.hr\/wp-content\/uploads\/2025\/05\/Istrazivanje-1-768x493.png 768w, https:\/\/citus.hr\/wp-content\/uploads\/2025\/05\/Istrazivanje-1-120x77.png 120w, https:\/\/citus.hr\/wp-content\/uploads\/2025\/05\/Istrazivanje-1-81x52.png 81w\" sizes=\"auto, (max-width: 1123px) 100vw, 1123px\" \/><\/a><\/div><div class=\"blog-text col-md-6 display-table no-padding sm-width-100\"><div class=\"display-table-cell vertical-align-middle\"><div class=\"content sm-no-padding-left \"><a class=\"text-extra-dark-gray margin-5px-bottom alt-font text-extra-large font-weight-600 display-inline-block entry-title\" href=\"https:\/\/citus.hr\/hr\/predstavljeni-rezultati-novog-nacionalnog-istrazivanja-o-percepciji-umjetne-inteligencije-ui-u-republici-hrvatskoj\/\">Predstavljeni rezultati novog nacionalnog istra\u017eivanja o percepciji umjetne inteligencije (UI) u Republici Hrvatskoj<\/a><div class=\"text-medium-gray text-extra-small margin-15px-bottom alt-font text-uppercase\"><span class=\"pofo-blog-post-meta text-medium-gray text-extra-small display-inline-block vertical-align-middle\">by <span class=\"author vcard\"><a href=\"https:\/\/citus.hr\/hr\/author\/citushr\/\" class=\"text-medium-gray url fn n\">CITUS<\/a><\/span><\/span><span class=\"blog-separator vertical-align-middle\">|<\/span><span class=\"pofo-blog-post-meta text-extra-small text-medium-gray display-inline-block published vertical-align-middle\">11 listopada 2024<\/span><time class=\"updated display-none\" datetime=\"2025-06-04T14:12:44+02:00\">04 lipnja 2025<\/time><span class=\"blog-separator vertical-align-middle\">|<\/span><a href=\"https:\/\/citus.hr\/hr\/kategorija\/novosti\/\" class=\"text-medium-gray text-extra-small vertical-align-middle display-inline-block pofo-blog-post-meta\" rel=\"category tag\">Novosti<\/a><\/div><div class=\"no-margin entry-content\">Danas su u prostorijama Effectus veleu\u010dili\u0161ta u Zagrebu predstavljeni rezultati novog, drugog po redu, nacionalnog...<\/div><a href=\"https:\/\/citus.hr\/hr\/predstavljeni-rezultati-novog-nacionalnog-istrazivanja-o-percepciji-umjetne-inteligencije-ui-u-republici-hrvatskoj\/\" class=\"btn btn-dark-gray margin-15px-top sm-margin-15px-top white-space-normal btn-small\">nastavite \u010ditati<\/a><\/div><\/div><\/div><\/div><\/div><div class=\"post-29485 post type-post status-publish format-standard has-post-thumbnail hentry category-novosti\"><div class=\"blog-post blog-post-content margin-60px-bottom padding-60px-bottom border-bottom sm-no-border-bottom border-color-extra-light-gray sm-margin-30px-bottom sm-padding-30px-bottom xs-text-center pull-left width-100 blog-style3-10\"><div class=\"blog-image col-md-5 no-padding sm-margin-30px-bottom xs-margin-20px-bottom margin-30px-right sm-no-margin-right sm-width-100\"><a href=\"https:\/\/citus.hr\/hr\/20-godina-za-redom-tomislav-bronzin-microsoft-most-valuable-professional-mvp\/\"><img loading=\"lazy\" decoding=\"async\" width=\"612\" height=\"542\" src=\"https:\/\/citus.hr\/wp-content\/uploads\/2025\/05\/Tomislav-MVP.png\" class=\"attachment-full size-full wp-post-image\" alt=\"\" title=\"\" srcset=\"https:\/\/citus.hr\/wp-content\/uploads\/2025\/05\/Tomislav-MVP.png 612w, https:\/\/citus.hr\/wp-content\/uploads\/2025\/05\/Tomislav-MVP-300x266.png 300w, https:\/\/citus.hr\/wp-content\/uploads\/2025\/05\/Tomislav-MVP-120x106.png 120w, https:\/\/citus.hr\/wp-content\/uploads\/2025\/05\/Tomislav-MVP-81x72.png 81w\" sizes=\"auto, (max-width: 612px) 100vw, 612px\" \/><\/a><\/div><div class=\"blog-text col-md-6 display-table no-padding sm-width-100\"><div class=\"display-table-cell vertical-align-middle\"><div class=\"content sm-no-padding-left \"><a class=\"text-extra-dark-gray margin-5px-bottom alt-font text-extra-large font-weight-600 display-inline-block entry-title\" href=\"https:\/\/citus.hr\/hr\/20-godina-za-redom-tomislav-bronzin-microsoft-most-valuable-professional-mvp\/\">20 GODINA ZA REDOM &#8211; Tomislav Bronzin\u202fMICROSOFT MOST VALUABLE PROFESSIONAL (MVP)<\/a><div class=\"text-medium-gray text-extra-small margin-15px-bottom alt-font text-uppercase\"><span class=\"pofo-blog-post-meta text-medium-gray text-extra-small display-inline-block vertical-align-middle\">by <span class=\"author vcard\"><a href=\"https:\/\/citus.hr\/hr\/author\/citushr\/\" class=\"text-medium-gray url fn n\">CITUS<\/a><\/span><\/span><span class=\"blog-separator vertical-align-middle\">|<\/span><span class=\"pofo-blog-post-meta text-extra-small text-medium-gray display-inline-block published vertical-align-middle\">11 srpnja 2024<\/span><time class=\"updated display-none\" datetime=\"2025-05-29T10:35:49+02:00\">29 svibnja 2025<\/time><span class=\"blog-separator vertical-align-middle\">|<\/span><a href=\"https:\/\/citus.hr\/hr\/kategorija\/novosti\/\" class=\"text-medium-gray text-extra-small vertical-align-middle display-inline-block pofo-blog-post-meta\" rel=\"category tag\">Novosti<\/a><\/div><div class=\"no-margin entry-content\">20. godinu za redom, Tomislav Bronzin nagra\u0111en je nagradom Microsoft Most Valuable Professional (#MVP) za...<\/div><a href=\"https:\/\/citus.hr\/hr\/20-godina-za-redom-tomislav-bronzin-microsoft-most-valuable-professional-mvp\/\" class=\"btn btn-dark-gray margin-15px-top sm-margin-15px-top white-space-normal btn-small\">nastavite \u010ditati<\/a><\/div><\/div><\/div><\/div><\/div><div class=\" text-center margin-70px-top sm-margin-30px-top clear-both float-left width-100\"><div class=\"text-small text-uppercase text-extra-dark-gray pagination\"><span aria-current=\"page\" class=\"page-numbers current\">1<\/span>\n<a class=\"page-numbers\" href=\"https:\/\/citus.hr\/hr\/wp-json\/wp\/v2\/pages\/2\/page\/2\/\">2<\/a>\n<a class=\"page-numbers\" href=\"https:\/\/citus.hr\/hr\/wp-json\/wp\/v2\/pages\/2\/page\/3\/\">3<\/a>\n<a class=\"page-numbers\" href=\"https:\/\/citus.hr\/hr\/wp-json\/wp\/v2\/pages\/2\/page\/4\/\">4<\/a>\n<a class=\"page-numbers\" href=\"https:\/\/citus.hr\/hr\/wp-json\/wp\/v2\/pages\/2\/page\/5\/\">5<\/a>\n<a class=\"next page-numbers\" href=\"https:\/\/citus.hr\/hr\/wp-json\/wp\/v2\/pages\/2\/page\/2\/\"><span class=\"xs-display-none border-none\">Next<\/span> <i class=\"fa-solid fa-long-arrow-alt-right margin-5px-left\"><\/i><\/a><\/div><\/div><\/div><\/div><\/div><\/div><\/section>\n<\/div>","protected":false},"excerpt":{"rendered":"20. godinu za redom, Tomislav Bronzin nagra\u0111en je nagradom Microsoft Most Valuable Professional (#MVP) za vodstvo i izniman doprinos tehni\u010dkoj zajednici u podru\u010djima: Microsoft 365 Power Apps Vi\u0161e informacija dostupno je na: Tomislav Bronzin (Tomislav Bronzin) (microsoft.com) &nbsp;","protected":false},"author":1,"featured_media":0,"parent":0,"menu_order":0,"comment_status":"closed","ping_status":"open","template":"","meta":{"_acf_changed":false,"_monsterinsights_skip_tracking":false,"_monsterinsights_sitenote_active":false,"_monsterinsights_sitenote_note":"","_monsterinsights_sitenote_category":0,"footnotes":""},"class_list":["post-2","page","type-page","status-publish","hentry"],"acf":[],"yoast_head":"<!-- This site is optimized with the Yoast SEO plugin v27.5 - https:\/\/yoast.com\/product\/yoast-seo-wordpress\/ -->\n<title>Novosti - CITUS<\/title>\n<meta name=\"robots\" content=\"index, follow, max-snippet:-1, max-image-preview:large, max-video-preview:-1\" \/>\n<link rel=\"canonical\" href=\"https:\/\/citus.hr\/hr\/novosti\/\" \/>\n<meta property=\"og:locale\" content=\"hr_HR\" \/>\n<meta property=\"og:type\" content=\"article\" \/>\n<meta property=\"og:title\" content=\"Novosti - CITUS\" \/>\n<meta property=\"og:url\" content=\"https:\/\/citus.hr\/hr\/novosti\/\" \/>\n<meta property=\"og:site_name\" content=\"CITUS\" \/>\n<meta property=\"article:publisher\" content=\"https:\/\/www.facebook.com\/citushr\" \/>\n<meta property=\"article:modified_time\" content=\"2021-01-25T09:16:34+00:00\" \/>\n<meta name=\"twitter:card\" content=\"summary_large_image\" \/>\n<script type=\"application\/ld+json\" class=\"yoast-schema-graph\">{\"@context\":\"https:\\\/\\\/schema.org\",\"@graph\":[{\"@type\":\"WebPage\",\"@id\":\"https:\\\/\\\/citus.hr\\\/hr\\\/novosti\\\/\",\"url\":\"https:\\\/\\\/citus.hr\\\/hr\\\/novosti\\\/\",\"name\":\"Novosti - CITUS\",\"isPartOf\":{\"@id\":\"https:\\\/\\\/citus.hr\\\/hr\\\/#website\"},\"datePublished\":\"2020-07-09T01:40:43+00:00\",\"dateModified\":\"2021-01-25T09:16:34+00:00\",\"breadcrumb\":{\"@id\":\"https:\\\/\\\/citus.hr\\\/hr\\\/novosti\\\/#breadcrumb\"},\"inLanguage\":\"hr\",\"potentialAction\":[{\"@type\":\"ReadAction\",\"target\":[\"https:\\\/\\\/citus.hr\\\/hr\\\/novosti\\\/\"]}]},{\"@type\":\"BreadcrumbList\",\"@id\":\"https:\\\/\\\/citus.hr\\\/hr\\\/novosti\\\/#breadcrumb\",\"itemListElement\":[{\"@type\":\"ListItem\",\"position\":1,\"name\":\"Po\u010detna stranica\",\"item\":\"https:\\\/\\\/citus.hr\\\/hr\\\/\"},{\"@type\":\"ListItem\",\"position\":2,\"name\":\"Novosti\"}]},{\"@type\":\"WebSite\",\"@id\":\"https:\\\/\\\/citus.hr\\\/hr\\\/#website\",\"url\":\"https:\\\/\\\/citus.hr\\\/hr\\\/\",\"name\":\"CITUS\",\"description\":\"Innovation, Consulting, Education\",\"publisher\":{\"@id\":\"https:\\\/\\\/citus.hr\\\/hr\\\/#organization\"},\"potentialAction\":[{\"@type\":\"SearchAction\",\"target\":{\"@type\":\"EntryPoint\",\"urlTemplate\":\"https:\\\/\\\/citus.hr\\\/hr\\\/?s={search_term_string}\"},\"query-input\":{\"@type\":\"PropertyValueSpecification\",\"valueRequired\":true,\"valueName\":\"search_term_string\"}}],\"inLanguage\":\"hr\"},{\"@type\":\"Organization\",\"@id\":\"https:\\\/\\\/citus.hr\\\/hr\\\/#organization\",\"name\":\"Citus d.o.o.\",\"url\":\"https:\\\/\\\/citus.hr\\\/hr\\\/\",\"logo\":{\"@type\":\"ImageObject\",\"inLanguage\":\"hr\",\"@id\":\"https:\\\/\\\/citus.hr\\\/hr\\\/#\\\/schema\\\/logo\\\/image\\\/\",\"url\":\"https:\\\/\\\/citus.hr\\\/wp-content\\\/uploads\\\/2024\\\/01\\\/citus-tekst-1.png\",\"contentUrl\":\"https:\\\/\\\/citus.hr\\\/wp-content\\\/uploads\\\/2024\\\/01\\\/citus-tekst-1.png\",\"width\":645,\"height\":192,\"caption\":\"Citus d.o.o.\"},\"image\":{\"@id\":\"https:\\\/\\\/citus.hr\\\/hr\\\/#\\\/schema\\\/logo\\\/image\\\/\"},\"sameAs\":[\"https:\\\/\\\/www.facebook.com\\\/citushr\",\"https:\\\/\\\/www.linkedin.com\\\/company\\\/citus\\\/\",\"https:\\\/\\\/www.youtube.com\\\/channel\\\/UCHGE0kAKHVRUeZ8okys4Q0w\"]}]}<\/script>\n<!-- \/ Yoast SEO plugin. -->","yoast_head_json":{"title":"Novosti - CITUS","robots":{"index":"index","follow":"follow","max-snippet":"max-snippet:-1","max-image-preview":"max-image-preview:large","max-video-preview":"max-video-preview:-1"},"canonical":"https:\/\/citus.hr\/hr\/novosti\/","og_locale":"hr_HR","og_type":"article","og_title":"Novosti - CITUS","og_url":"https:\/\/citus.hr\/hr\/novosti\/","og_site_name":"CITUS","article_publisher":"https:\/\/www.facebook.com\/citushr","article_modified_time":"2021-01-25T09:16:34+00:00","twitter_card":"summary_large_image","schema":{"@context":"https:\/\/schema.org","@graph":[{"@type":"WebPage","@id":"https:\/\/citus.hr\/hr\/novosti\/","url":"https:\/\/citus.hr\/hr\/novosti\/","name":"Novosti - CITUS","isPartOf":{"@id":"https:\/\/citus.hr\/hr\/#website"},"datePublished":"2020-07-09T01:40:43+00:00","dateModified":"2021-01-25T09:16:34+00:00","breadcrumb":{"@id":"https:\/\/citus.hr\/hr\/novosti\/#breadcrumb"},"inLanguage":"hr","potentialAction":[{"@type":"ReadAction","target":["https:\/\/citus.hr\/hr\/novosti\/"]}]},{"@type":"BreadcrumbList","@id":"https:\/\/citus.hr\/hr\/novosti\/#breadcrumb","itemListElement":[{"@type":"ListItem","position":1,"name":"Po\u010detna stranica","item":"https:\/\/citus.hr\/hr\/"},{"@type":"ListItem","position":2,"name":"Novosti"}]},{"@type":"WebSite","@id":"https:\/\/citus.hr\/hr\/#website","url":"https:\/\/citus.hr\/hr\/","name":"CITUS","description":"Innovation, Consulting, Education","publisher":{"@id":"https:\/\/citus.hr\/hr\/#organization"},"potentialAction":[{"@type":"SearchAction","target":{"@type":"EntryPoint","urlTemplate":"https:\/\/citus.hr\/hr\/?s={search_term_string}"},"query-input":{"@type":"PropertyValueSpecification","valueRequired":true,"valueName":"search_term_string"}}],"inLanguage":"hr"},{"@type":"Organization","@id":"https:\/\/citus.hr\/hr\/#organization","name":"Citus d.o.o.","url":"https:\/\/citus.hr\/hr\/","logo":{"@type":"ImageObject","inLanguage":"hr","@id":"https:\/\/citus.hr\/hr\/#\/schema\/logo\/image\/","url":"https:\/\/citus.hr\/wp-content\/uploads\/2024\/01\/citus-tekst-1.png","contentUrl":"https:\/\/citus.hr\/wp-content\/uploads\/2024\/01\/citus-tekst-1.png","width":645,"height":192,"caption":"Citus d.o.o."},"image":{"@id":"https:\/\/citus.hr\/hr\/#\/schema\/logo\/image\/"},"sameAs":["https:\/\/www.facebook.com\/citushr","https:\/\/www.linkedin.com\/company\/citus\/","https:\/\/www.youtube.com\/channel\/UCHGE0kAKHVRUeZ8okys4Q0w"]}]}},"_links":{"self":[{"href":"https:\/\/citus.hr\/hr\/wp-json\/wp\/v2\/pages\/2","targetHints":{"allow":["GET"]}}],"collection":[{"href":"https:\/\/citus.hr\/hr\/wp-json\/wp\/v2\/pages"}],"about":[{"href":"https:\/\/citus.hr\/hr\/wp-json\/wp\/v2\/types\/page"}],"author":[{"embeddable":true,"href":"https:\/\/citus.hr\/hr\/wp-json\/wp\/v2\/users\/1"}],"replies":[{"embeddable":true,"href":"https:\/\/citus.hr\/hr\/wp-json\/wp\/v2\/comments?post=2"}],"version-history":[{"count":9,"href":"https:\/\/citus.hr\/hr\/wp-json\/wp\/v2\/pages\/2\/revisions"}],"predecessor-version":[{"id":24314,"href":"https:\/\/citus.hr\/hr\/wp-json\/wp\/v2\/pages\/2\/revisions\/24314"}],"wp:attachment":[{"href":"https:\/\/citus.hr\/hr\/wp-json\/wp\/v2\/media?parent=2"}],"curies":[{"name":"wp","href":"https:\/\/api.w.org\/{rel}","templated":true}]}}